{"version":"1.0","provider_name":"Iglesia Adventista del S\u00e9ptimo D\u00eda - Divisi\u00f3n Interamericana","provider_url":"https:\/\/interamerica.org\/es\/","author_name":"Lorenzo Verduzco","author_url":"https:\/\/interamerica.org\/es\/author\/lorenzoverduzco\/","title":"Iglesia Adventista inicia los \"Diez D\u00edas de Oraci\u00f3n\" - Iglesia Adventista del S\u00e9ptimo D\u00eda - Divisi\u00f3n Interamericana","type":"rich","width":600,"height":338,"html":"<blockquote class=\"wp-embedded-content\" data-secret=\"2qcfGrNuHd\"><a href=\"https:\/\/interamerica.org\/es\/2015\/01\/iglesia-adventista-inicia-los-diez-dias-de-oracion\/\">Iglesia Adventista inicia los \u00abDiez D\u00edas de Oraci\u00f3n\u00bb<\/a><\/blockquote><iframe sandbox=\"allow-scripts\" security=\"restricted\" src=\"https:\/\/interamerica.org\/es\/2015\/01\/iglesia-adventista-inicia-los-diez-dias-de-oracion\/embed\/#?secret=2qcfGrNuHd\" width=\"600\" height=\"338\" title=\"\u00abIglesia Adventista inicia los \u00abDiez D\u00edas de Oraci\u00f3n\u00bb\u00bb \u2014 Iglesia Adventista del S\u00e9ptimo D\u00eda - Divisi\u00f3n Interamericana\" data-secret=\"2qcfGrNuHd\" frameborder=\"0\" marginwidth=\"0\" marginheight=\"0\" scrolling=\"no\" class=\"wp-embedded-content\"><\/iframe><script type=\"text\/javascript\">\n\/* <![CDATA[ *\/\n\/*! This file is auto-generated *\/\n!function(d,l){\"use strict\";l.querySelector&&d.addEventListener&&\"undefined\"!=typeof URL&&(d.wp=d.wp||{},d.wp.receiveEmbedMessage||(d.wp.receiveEmbedMessage=function(e){var t=e.data;if((t||t.secret||t.message||t.value)&&!\/[^a-zA-Z0-9]\/.test(t.secret)){for(var s,r,n,a=l.querySelectorAll('iframe[data-secret=\"'+t.secret+'\"]'),o=l.querySelectorAll('blockquote[data-secret=\"'+t.secret+'\"]'),c=new RegExp(\"^https?:$\",\"i\"),i=0;i<o.length;i++)o[i].style.display=\"none\";for(i=0;i<a.length;i++)s=a[i],e.source===s.contentWindow&&(s.removeAttribute(\"style\"),\"height\"===t.message?(1e3<(r=parseInt(t.value,10))?r=1e3:~~r<200&&(r=200),s.height=r):\"link\"===t.message&&(r=new URL(s.getAttribute(\"src\")),n=new URL(t.value),c.test(n.protocol))&&n.host===r.host&&l.activeElement===s&&(d.top.location.href=t.value))}},d.addEventListener(\"message\",d.wp.receiveEmbedMessage,!1),l.addEventListener(\"DOMContentLoaded\",function(){for(var e,t,s=l.querySelectorAll(\"iframe.wp-embedded-content\"),r=0;r<s.length;r++)(t=(e=s[r]).getAttribute(\"data-secret\"))||(t=Math.random().toString(36).substring(2,12),e.src+=\"#?secret=\"+t,e.setAttribute(\"data-secret\",t)),e.contentWindow.postMessage({message:\"ready\",secret:t},\"*\")},!1)))}(window,document);\n\/\/# sourceURL=https:\/\/interamerica.org\/wp-includes\/js\/wp-embed.min.js\n\/* ]]> *\/\n<\/script>\n","thumbnail_url":"https:\/\/interamerica.org\/wp-content\/uploads\/2017\/06\/csm_Screen_Shot_2015-01-07_at_9.34.45_PM_613c9b2b6d.png","thumbnail_width":400,"thumbnail_height":185,"description":"Los adventistas de diversas partes del mundo comienzan los \"Diez D\u00edas de Oraci\u00f3n\" este mi\u00e9rcoles para pedir el derramamiento del Esp\u00edritu Santo en la Iglesia Adventista, una iniciativa relativamente joven que cobra significaci\u00f3n especial este a\u00f1o debido al pr\u00f3ximo Congreso de la Asociaci\u00f3n General. Los adventistas, que est\u00e1n siguiendo el modelo b\u00edblico del Pentecost\u00e9s, cuando los disc\u00edpulos de Jes\u00fas se reunieron en el aposento alto durante diez d\u00edas para esperar y orar por el Esp\u00edritu Santo, han planeado reunirse en las iglesias como parte del programa Diez D\u00edas de Oraci\u00f3n, entre el 7 al 17 de enero. En muchos pa\u00edses, las reuniones se llevan a cabo por las noches y duran una hora."}