{"version":"1.0","provider_name":"Iglesia Adventista del S\u00e9ptimo D\u00eda - Divisi\u00f3n Interamericana","provider_url":"https:\/\/interamerica.org\/es\/","author_name":"Lorenzo Verduzco","author_url":"https:\/\/interamerica.org\/es\/author\/lorenzoverduzco\/","title":"Nueva Uni\u00f3n de Panam\u00e1 bautiza a 2530 personas - Iglesia Adventista del S\u00e9ptimo D\u00eda - Divisi\u00f3n Interamericana","type":"rich","width":600,"height":338,"html":"<blockquote class=\"wp-embedded-content\" data-secret=\"CV3lkIxEQk\"><a href=\"https:\/\/interamerica.org\/es\/2015\/03\/nueva-union-de-panama-bautiza-a-2530-personas\/\">Nueva Uni\u00f3n de Panam\u00e1 bautiza a 2530 personas<\/a><\/blockquote><iframe sandbox=\"allow-scripts\" security=\"restricted\" src=\"https:\/\/interamerica.org\/es\/2015\/03\/nueva-union-de-panama-bautiza-a-2530-personas\/embed\/#?secret=CV3lkIxEQk\" width=\"600\" height=\"338\" title=\"\u00abNueva Uni\u00f3n de Panam\u00e1 bautiza a 2530 personas\u00bb \u2014 Iglesia Adventista del S\u00e9ptimo D\u00eda - Divisi\u00f3n Interamericana\" data-secret=\"CV3lkIxEQk\" frameborder=\"0\" marginwidth=\"0\" marginheight=\"0\" scrolling=\"no\" class=\"wp-embedded-content\"><\/iframe><script type=\"text\/javascript\">\n\/* <![CDATA[ *\/\n\/*! This file is auto-generated *\/\n!function(d,l){\"use strict\";l.querySelector&&d.addEventListener&&\"undefined\"!=typeof URL&&(d.wp=d.wp||{},d.wp.receiveEmbedMessage||(d.wp.receiveEmbedMessage=function(e){var t=e.data;if((t||t.secret||t.message||t.value)&&!\/[^a-zA-Z0-9]\/.test(t.secret)){for(var s,r,n,a=l.querySelectorAll('iframe[data-secret=\"'+t.secret+'\"]'),o=l.querySelectorAll('blockquote[data-secret=\"'+t.secret+'\"]'),c=new RegExp(\"^https?:$\",\"i\"),i=0;i<o.length;i++)o[i].style.display=\"none\";for(i=0;i<a.length;i++)s=a[i],e.source===s.contentWindow&&(s.removeAttribute(\"style\"),\"height\"===t.message?(1e3<(r=parseInt(t.value,10))?r=1e3:~~r<200&&(r=200),s.height=r):\"link\"===t.message&&(r=new URL(s.getAttribute(\"src\")),n=new URL(t.value),c.test(n.protocol))&&n.host===r.host&&l.activeElement===s&&(d.top.location.href=t.value))}},d.addEventListener(\"message\",d.wp.receiveEmbedMessage,!1),l.addEventListener(\"DOMContentLoaded\",function(){for(var e,t,s=l.querySelectorAll(\"iframe.wp-embedded-content\"),r=0;r<s.length;r++)(t=(e=s[r]).getAttribute(\"data-secret\"))||(t=Math.random().toString(36).substring(2,12),e.src+=\"#?secret=\"+t,e.setAttribute(\"data-secret\",t)),e.contentWindow.postMessage({message:\"ready\",secret:t},\"*\")},!1)))}(window,document);\n\/\/# sourceURL=https:\/\/interamerica.org\/wp-includes\/js\/wp-embed.min.js\n\/* ]]> *\/\n<\/script>\n","thumbnail_url":"https:\/\/interamerica.org\/wp-content\/uploads\/2017\/06\/WilsonPanama300.png","thumbnail_width":300,"thumbnail_height":223,"description":"La recientemente formada Uni\u00f3n Misi\u00f3n de Panam\u00e1 de la Iglesia Adventista anunci\u00f3 que 2350 personas fueron bautizadas desde enero como resultado de una importante campa\u00f1a de evangelizaci\u00f3n.  Los bautismos pusieron de manifiesto el compromiso de la iglesia local de preparar a un pueblo para el regreso de Cristo y ofrecieron un momento de nostalgia para Ted N. C. Wilson, el l\u00edder adventista que visit\u00f3 el pa\u00eds y record\u00f3 que su padre hab\u00eda estado al frente de una campa\u00f1a de evangelizaci\u00f3n 31 a\u00f1os en el mismo lugar."}