{"version":"1.0","provider_name":"Iglesia Adventista del S\u00e9ptimo D\u00eda - Divisi\u00f3n Interamericana","provider_url":"https:\/\/interamerica.org\/es\/","author_name":"Lorenzo Verduzco","author_url":"https:\/\/interamerica.org\/es\/author\/lorenzoverduzco\/","title":"En el Amazonas, miles celebran la libertad religiosa - Iglesia Adventista del S\u00e9ptimo D\u00eda - Divisi\u00f3n Interamericana","type":"rich","width":600,"height":338,"html":"<blockquote class=\"wp-embedded-content\" data-secret=\"n3LXOCaQ50\"><a href=\"https:\/\/interamerica.org\/es\/2015\/05\/en-el-amazonas-miles-celebran-la-libertad-religiosa\/\">En el Amazonas, miles celebran la libertad religiosa<\/a><\/blockquote><iframe sandbox=\"allow-scripts\" security=\"restricted\" src=\"https:\/\/interamerica.org\/es\/2015\/05\/en-el-amazonas-miles-celebran-la-libertad-religiosa\/embed\/#?secret=n3LXOCaQ50\" width=\"600\" height=\"338\" title=\"\u00abEn el Amazonas, miles celebran la libertad religiosa\u00bb \u2014 Iglesia Adventista del S\u00e9ptimo D\u00eda - Divisi\u00f3n Interamericana\" data-secret=\"n3LXOCaQ50\" frameborder=\"0\" marginwidth=\"0\" marginheight=\"0\" scrolling=\"no\" class=\"wp-embedded-content\"><\/iframe><script type=\"text\/javascript\">\n\/* <![CDATA[ *\/\n\/*! This file is auto-generated *\/\n!function(d,l){\"use strict\";l.querySelector&&d.addEventListener&&\"undefined\"!=typeof URL&&(d.wp=d.wp||{},d.wp.receiveEmbedMessage||(d.wp.receiveEmbedMessage=function(e){var t=e.data;if((t||t.secret||t.message||t.value)&&!\/[^a-zA-Z0-9]\/.test(t.secret)){for(var s,r,n,a=l.querySelectorAll('iframe[data-secret=\"'+t.secret+'\"]'),o=l.querySelectorAll('blockquote[data-secret=\"'+t.secret+'\"]'),c=new RegExp(\"^https?:$\",\"i\"),i=0;i<o.length;i++)o[i].style.display=\"none\";for(i=0;i<a.length;i++)s=a[i],e.source===s.contentWindow&&(s.removeAttribute(\"style\"),\"height\"===t.message?(1e3<(r=parseInt(t.value,10))?r=1e3:~~r<200&&(r=200),s.height=r):\"link\"===t.message&&(r=new URL(s.getAttribute(\"src\")),n=new URL(t.value),c.test(n.protocol))&&n.host===r.host&&l.activeElement===s&&(d.top.location.href=t.value))}},d.addEventListener(\"message\",d.wp.receiveEmbedMessage,!1),l.addEventListener(\"DOMContentLoaded\",function(){for(var e,t,s=l.querySelectorAll(\"iframe.wp-embedded-content\"),r=0;r<s.length;r++)(t=(e=s[r]).getAttribute(\"data-secret\"))||(t=Math.random().toString(36).substring(2,12),e.src+=\"#?secret=\"+t,e.setAttribute(\"data-secret\",t)),e.contentWindow.postMessage({message:\"ready\",secret:t},\"*\")},!1)))}(window,document);\n\/\/# sourceURL=https:\/\/interamerica.org\/wp-includes\/js\/wp-embed.min.js\n\/* ]]> *\/\n<\/script>\n","thumbnail_url":"https:\/\/interamerica.org\/wp-content\/uploads\/2017\/06\/csm_Brazil_Festival_IRLA_6eed8e2882.jpg","thumbnail_width":400,"thumbnail_height":267,"description":"M\u00e1s de siete mil personas se reunieron en Manaos (Brasil), la ciudad m\u00e1s grande de la regi\u00f3n del Amazonas, para agradecer al gobierno por proteger la libertad religiosa.  El evento, llevado a cabo el s\u00e1bado 23 de mayo, fue el tercer festival de libertad religiosa llevado a cabo en Brasil, y fue organizado por la sede Sudamericana de la Asociaci\u00f3n Internacional de Libertad Religiosa (IRLA). El doctor John Graz, secretario general de la IRLA, fue uno de los oradores internacionales durante el festival."}