{"version":"1.0","provider_name":"Iglesia Adventista del S\u00e9ptimo D\u00eda - Divisi\u00f3n Interamericana","provider_url":"https:\/\/interamerica.org\/es\/","author_name":"Lorenzo Verduzco","author_url":"https:\/\/interamerica.org\/es\/author\/lorenzoverduzco\/","title":"Se inaugura primera iglesia adventista en Andorra - Iglesia Adventista del S\u00e9ptimo D\u00eda - Divisi\u00f3n Interamericana","type":"rich","width":600,"height":338,"html":"<blockquote class=\"wp-embedded-content\" data-secret=\"Y7GtOVU2b7\"><a href=\"https:\/\/interamerica.org\/es\/2015\/06\/se-inaugura-primera-iglesia-adventista-en-andorra\/\">Se inaugura primera iglesia adventista en Andorra<\/a><\/blockquote><iframe sandbox=\"allow-scripts\" security=\"restricted\" src=\"https:\/\/interamerica.org\/es\/2015\/06\/se-inaugura-primera-iglesia-adventista-en-andorra\/embed\/#?secret=Y7GtOVU2b7\" width=\"600\" height=\"338\" title=\"\u00abSe inaugura primera iglesia adventista en Andorra\u00bb \u2014 Iglesia Adventista del S\u00e9ptimo D\u00eda - Divisi\u00f3n Interamericana\" data-secret=\"Y7GtOVU2b7\" frameborder=\"0\" marginwidth=\"0\" marginheight=\"0\" scrolling=\"no\" class=\"wp-embedded-content\"><\/iframe><script type=\"text\/javascript\">\n\/* <![CDATA[ *\/\n\/*! This file is auto-generated *\/\n!function(d,l){\"use strict\";l.querySelector&&d.addEventListener&&\"undefined\"!=typeof URL&&(d.wp=d.wp||{},d.wp.receiveEmbedMessage||(d.wp.receiveEmbedMessage=function(e){var t=e.data;if((t||t.secret||t.message||t.value)&&!\/[^a-zA-Z0-9]\/.test(t.secret)){for(var s,r,n,a=l.querySelectorAll('iframe[data-secret=\"'+t.secret+'\"]'),o=l.querySelectorAll('blockquote[data-secret=\"'+t.secret+'\"]'),c=new RegExp(\"^https?:$\",\"i\"),i=0;i<o.length;i++)o[i].style.display=\"none\";for(i=0;i<a.length;i++)s=a[i],e.source===s.contentWindow&&(s.removeAttribute(\"style\"),\"height\"===t.message?(1e3<(r=parseInt(t.value,10))?r=1e3:~~r<200&&(r=200),s.height=r):\"link\"===t.message&&(r=new URL(s.getAttribute(\"src\")),n=new URL(t.value),c.test(n.protocol))&&n.host===r.host&&l.activeElement===s&&(d.top.location.href=t.value))}},d.addEventListener(\"message\",d.wp.receiveEmbedMessage,!1),l.addEventListener(\"DOMContentLoaded\",function(){for(var e,t,s=l.querySelectorAll(\"iframe.wp-embedded-content\"),r=0;r<s.length;r++)(t=(e=s[r]).getAttribute(\"data-secret\"))||(t=Math.random().toString(36).substring(2,12),e.src+=\"#?secret=\"+t,e.setAttribute(\"data-secret\",t)),e.contentWindow.postMessage({message:\"ready\",secret:t},\"*\")},!1)))}(window,document);\n\/\/# sourceURL=https:\/\/interamerica.org\/wp-includes\/js\/wp-embed.min.js\n\/* ]]> *\/\n<\/script>\n","description":"La primera iglesia adventista fue inaugurada en el peque\u00f1o pa\u00eds europeo de Andorra, despu\u00e9s de m\u00e1s de cuarenta a\u00f1os de esfuerzos. La Iglesia Adventista ha estado presente por muchos a\u00f1os en Andorra, un pa\u00eds de 85 mil habitantes que viven en 468 kil\u00f3metros cuadrados entre Espa\u00f1a y Francia. Pero hasta ahora, los miembros de iglesia jam\u00e1s hab\u00edan tenido una iglesia registrada oficialmente."}