{"version":"1.0","provider_name":"Iglesia Adventista del S\u00e9ptimo D\u00eda - Divisi\u00f3n Interamericana","provider_url":"https:\/\/interamerica.org\/es\/","author_name":"keila","author_url":"https:\/\/interamerica.org\/es\/author\/keyla\/","title":"D\u00eda del Conquistador 2024 - Iglesia Adventista del S\u00e9ptimo D\u00eda - Divisi\u00f3n Interamericana","type":"rich","width":600,"height":338,"html":"<blockquote class=\"wp-embedded-content\" data-secret=\"ibi8ItCJYC\"><a href=\"https:\/\/interamerica.org\/es\/event\/pathfinder-day-2024\/\">D\u00eda del Conquistador 2024<\/a><\/blockquote><iframe sandbox=\"allow-scripts\" security=\"restricted\" src=\"https:\/\/interamerica.org\/es\/event\/pathfinder-day-2024\/embed\/#?secret=ibi8ItCJYC\" width=\"600\" height=\"338\" title=\"\u00abD\u00eda del Conquistador 2024\u00bb \u2014 Iglesia Adventista del S\u00e9ptimo D\u00eda - Divisi\u00f3n Interamericana\" data-secret=\"ibi8ItCJYC\" frameborder=\"0\" marginwidth=\"0\" marginheight=\"0\" scrolling=\"no\" class=\"wp-embedded-content\"><\/iframe><script type=\"text\/javascript\">\n\/* <![CDATA[ *\/\n\/*! This file is auto-generated *\/\n!function(d,l){\"use strict\";l.querySelector&&d.addEventListener&&\"undefined\"!=typeof URL&&(d.wp=d.wp||{},d.wp.receiveEmbedMessage||(d.wp.receiveEmbedMessage=function(e){var t=e.data;if((t||t.secret||t.message||t.value)&&!\/[^a-zA-Z0-9]\/.test(t.secret)){for(var s,r,n,a=l.querySelectorAll('iframe[data-secret=\"'+t.secret+'\"]'),o=l.querySelectorAll('blockquote[data-secret=\"'+t.secret+'\"]'),c=new RegExp(\"^https?:$\",\"i\"),i=0;i<o.length;i++)o[i].style.display=\"none\";for(i=0;i<a.length;i++)s=a[i],e.source===s.contentWindow&&(s.removeAttribute(\"style\"),\"height\"===t.message?(1e3<(r=parseInt(t.value,10))?r=1e3:~~r<200&&(r=200),s.height=r):\"link\"===t.message&&(r=new URL(s.getAttribute(\"src\")),n=new URL(t.value),c.test(n.protocol))&&n.host===r.host&&l.activeElement===s&&(d.top.location.href=t.value))}},d.addEventListener(\"message\",d.wp.receiveEmbedMessage,!1),l.addEventListener(\"DOMContentLoaded\",function(){for(var e,t,s=l.querySelectorAll(\"iframe.wp-embedded-content\"),r=0;r<s.length;r++)(t=(e=s[r]).getAttribute(\"data-secret\"))||(t=Math.random().toString(36).substring(2,12),e.src+=\"#?secret=\"+t,e.setAttribute(\"data-secret\",t)),e.contentWindow.postMessage({message:\"ready\",secret:t},\"*\")},!1)))}(window,document);\n\/\/# sourceURL=https:\/\/interamerica.org\/wp-includes\/js\/wp-embed.min.js\n\/* ]]> *\/\n<\/script>\n","description":"Este evento tiene lugar el tercer s\u00e1bado de septiembre, cada a\u00f1o. \u00a1Aseg\u00farate de revisar esta p\u00e1gina regularmente en los meses previos al D\u00eda Mundial de los Conquistadores para encontrar recursos que har\u00e1n que la celebraci\u00f3n del D\u00eda del Conquistador en tu iglesia local sea a\u00fan m\u00e1s bendecida! \u00a1SOMOS FUERTES, SOMOS CONQUISTADORES!","thumbnail_url":"https:\/\/interamerica.org\/wp-content\/uploads\/2023\/12\/wpd24-sp.png"}