{"version":"1.0","provider_name":"Iglesia Adventista del S\u00e9ptimo D\u00eda - Divisi\u00f3n Interamericana","provider_url":"https:\/\/interamerica.org\/es\/","author_name":"keila","author_url":"https:\/\/interamerica.org\/es\/author\/keyla\/","title":"- Iglesia Adventista del S\u00e9ptimo D\u00eda - Divisi\u00f3n Interamericana","type":"rich","width":600,"height":338,"html":"<blockquote class=\"wp-embedded-content\" data-secret=\"1RaK7i8ALB\"><a href=\"https:\/\/interamerica.org\/es\/project\/dia-mundial-de-los-aventureros-2024\/\"><\/a><\/blockquote><iframe sandbox=\"allow-scripts\" security=\"restricted\" src=\"https:\/\/interamerica.org\/es\/project\/dia-mundial-de-los-aventureros-2024\/embed\/#?secret=1RaK7i8ALB\" width=\"600\" height=\"338\" title=\"\u00ab\u00bb \u2014 Iglesia Adventista del S\u00e9ptimo D\u00eda - Divisi\u00f3n Interamericana\" data-secret=\"1RaK7i8ALB\" frameborder=\"0\" marginwidth=\"0\" marginheight=\"0\" scrolling=\"no\" class=\"wp-embedded-content\"><\/iframe><script type=\"text\/javascript\">\n\/* <![CDATA[ *\/\n\/*! This file is auto-generated *\/\n!function(d,l){\"use strict\";l.querySelector&&d.addEventListener&&\"undefined\"!=typeof URL&&(d.wp=d.wp||{},d.wp.receiveEmbedMessage||(d.wp.receiveEmbedMessage=function(e){var t=e.data;if((t||t.secret||t.message||t.value)&&!\/[^a-zA-Z0-9]\/.test(t.secret)){for(var s,r,n,a=l.querySelectorAll('iframe[data-secret=\"'+t.secret+'\"]'),o=l.querySelectorAll('blockquote[data-secret=\"'+t.secret+'\"]'),c=new RegExp(\"^https?:$\",\"i\"),i=0;i<o.length;i++)o[i].style.display=\"none\";for(i=0;i<a.length;i++)s=a[i],e.source===s.contentWindow&&(s.removeAttribute(\"style\"),\"height\"===t.message?(1e3<(r=parseInt(t.value,10))?r=1e3:~~r<200&&(r=200),s.height=r):\"link\"===t.message&&(r=new URL(s.getAttribute(\"src\")),n=new URL(t.value),c.test(n.protocol))&&n.host===r.host&&l.activeElement===s&&(d.top.location.href=t.value))}},d.addEventListener(\"message\",d.wp.receiveEmbedMessage,!1),l.addEventListener(\"DOMContentLoaded\",function(){for(var e,t,s=l.querySelectorAll(\"iframe.wp-embedded-content\"),r=0;r<s.length;r++)(t=(e=s[r]).getAttribute(\"data-secret\"))||(t=Math.random().toString(36).substring(2,12),e.src+=\"#?secret=\"+t,e.setAttribute(\"data-secret\",t)),e.contentWindow.postMessage({message:\"ready\",secret:t},\"*\")},!1)))}(window,document);\n\/\/# sourceURL=https:\/\/interamerica.org\/wp-includes\/js\/wp-embed.min.js\n\/* ]]> *\/\n<\/script>\n","description":"Ni\u00f1os de m\u00e1s de 200 pa\u00edses celebrar\u00e1n el D\u00eda Mundial del Aventurero, conociendo el amor de Jes\u00fas por medio de\u00a0 Alabanzas Lectura B\u00edblica Serm\u00f3n\u00a0 Servicio Comunitario M\u00e1s que un evento, una oportunidad para vivir la fe.","thumbnail_url":"https:\/\/interamerica.org\/wp-content\/uploads\/2023\/12\/wad24-es.jpg"}