{"version":"1.0","provider_name":"\u00c9glise Adventiste Du Septieme Jour - Inter Am\u00e9rique Division","provider_url":"https:\/\/interamerica.org\/fr\/","author_name":"Lorenzo Verduzco","author_url":"https:\/\/interamerica.org\/fr\/author\/lorenzoverduzco\/","title":"\u00c9glise Mondial : \u00c9mission Satellite Soul\u00e8ve une Aide Tsunami - \u00c9glise Adventiste Du Septieme Jour - Inter Am\u00e9rique Division","type":"rich","width":600,"height":338,"html":"<blockquote class=\"wp-embedded-content\" data-secret=\"Uh1oljvFPR\"><a href=\"https:\/\/interamerica.org\/fr\/2005\/02\/eglise-mondial-emission-satellite-souleve-une-aide-tsunami\/\">\u00c9glise Mondial : \u00c9mission Satellite Soul\u00e8ve une Aide Tsunami<\/a><\/blockquote><iframe sandbox=\"allow-scripts\" security=\"restricted\" src=\"https:\/\/interamerica.org\/fr\/2005\/02\/eglise-mondial-emission-satellite-souleve-une-aide-tsunami\/embed\/#?secret=Uh1oljvFPR\" width=\"600\" height=\"338\" title=\"\u00ab\u00a0\u00c9glise Mondial : \u00c9mission Satellite Soul\u00e8ve une Aide Tsunami\u00a0\u00bb &#8212; \u00c9glise Adventiste Du Septieme Jour - Inter Am\u00e9rique Division\" data-secret=\"Uh1oljvFPR\" frameborder=\"0\" marginwidth=\"0\" marginheight=\"0\" scrolling=\"no\" class=\"wp-embedded-content\"><\/iframe><script type=\"text\/javascript\">\n\/* <![CDATA[ *\/\n\/*! This file is auto-generated *\/\n!function(d,l){\"use strict\";l.querySelector&&d.addEventListener&&\"undefined\"!=typeof URL&&(d.wp=d.wp||{},d.wp.receiveEmbedMessage||(d.wp.receiveEmbedMessage=function(e){var t=e.data;if((t||t.secret||t.message||t.value)&&!\/[^a-zA-Z0-9]\/.test(t.secret)){for(var s,r,n,a=l.querySelectorAll('iframe[data-secret=\"'+t.secret+'\"]'),o=l.querySelectorAll('blockquote[data-secret=\"'+t.secret+'\"]'),c=new RegExp(\"^https?:$\",\"i\"),i=0;i<o.length;i++)o[i].style.display=\"none\";for(i=0;i<a.length;i++)s=a[i],e.source===s.contentWindow&&(s.removeAttribute(\"style\"),\"height\"===t.message?(1e3<(r=parseInt(t.value,10))?r=1e3:~~r<200&&(r=200),s.height=r):\"link\"===t.message&&(r=new URL(s.getAttribute(\"src\")),n=new URL(t.value),c.test(n.protocol))&&n.host===r.host&&l.activeElement===s&&(d.top.location.href=t.value))}},d.addEventListener(\"message\",d.wp.receiveEmbedMessage,!1),l.addEventListener(\"DOMContentLoaded\",function(){for(var e,t,s=l.querySelectorAll(\"iframe.wp-embedded-content\"),r=0;r<s.length;r++)(t=(e=s[r]).getAttribute(\"data-secret\"))||(t=Math.random().toString(36).substring(2,12),e.src+=\"#?secret=\"+t,e.setAttribute(\"data-secret\",t)),e.contentWindow.postMessage({message:\"ready\",secret:t},\"*\")},!1)))}(window,document);\n\/\/# sourceURL=https:\/\/interamerica.org\/wp-includes\/js\/wp-embed.min.js\n\/* ]]> *\/\n<\/script>\n","description":"Une gamme sans pr\u00e9c\u00e9dent des m\u00e9dias Adventistes du Septi\u00e8me jour et des minist\u00e8res ont joints leurs forces le 11 f\u00e9vrier pour produire une \u00e9mission satellite pour soutenir l'\u00e9glise dans les r\u00e9gions tsunami-affect\u00e9es de l'Asie m\u00e9ridionale."}