{"version":"1.0","provider_name":"\u00c9glise Adventiste Du Septieme Jour - Inter Am\u00e9rique Division","provider_url":"https:\/\/interamerica.org\/fr\/","author_name":"Lorenzo Verduzco","author_url":"https:\/\/interamerica.org\/fr\/author\/lorenzoverduzco\/","title":"Bahamas : L\u2019\u00e9glise organise le premier groupe hispanophone - \u00c9glise Adventiste Du Septieme Jour - Inter Am\u00e9rique Division","type":"rich","width":600,"height":338,"html":"<blockquote class=\"wp-embedded-content\" data-secret=\"UM3OLOb3fP\"><a href=\"https:\/\/interamerica.org\/fr\/2013\/07\/bahamas-leglise-organise-le-premier-groupe-hispanophone\/\">Bahamas : L\u2019\u00e9glise organise le premier groupe hispanophone<\/a><\/blockquote><iframe sandbox=\"allow-scripts\" security=\"restricted\" src=\"https:\/\/interamerica.org\/fr\/2013\/07\/bahamas-leglise-organise-le-premier-groupe-hispanophone\/embed\/#?secret=UM3OLOb3fP\" width=\"600\" height=\"338\" title=\"\u00ab\u00a0Bahamas : L\u2019\u00e9glise organise le premier groupe hispanophone\u00a0\u00bb &#8212; \u00c9glise Adventiste Du Septieme Jour - Inter Am\u00e9rique Division\" data-secret=\"UM3OLOb3fP\" frameborder=\"0\" marginwidth=\"0\" marginheight=\"0\" scrolling=\"no\" class=\"wp-embedded-content\"><\/iframe><script type=\"text\/javascript\">\n\/* <![CDATA[ *\/\n\/*! This file is auto-generated *\/\n!function(d,l){\"use strict\";l.querySelector&&d.addEventListener&&\"undefined\"!=typeof URL&&(d.wp=d.wp||{},d.wp.receiveEmbedMessage||(d.wp.receiveEmbedMessage=function(e){var t=e.data;if((t||t.secret||t.message||t.value)&&!\/[^a-zA-Z0-9]\/.test(t.secret)){for(var s,r,n,a=l.querySelectorAll('iframe[data-secret=\"'+t.secret+'\"]'),o=l.querySelectorAll('blockquote[data-secret=\"'+t.secret+'\"]'),c=new RegExp(\"^https?:$\",\"i\"),i=0;i<o.length;i++)o[i].style.display=\"none\";for(i=0;i<a.length;i++)s=a[i],e.source===s.contentWindow&&(s.removeAttribute(\"style\"),\"height\"===t.message?(1e3<(r=parseInt(t.value,10))?r=1e3:~~r<200&&(r=200),s.height=r):\"link\"===t.message&&(r=new URL(s.getAttribute(\"src\")),n=new URL(t.value),c.test(n.protocol))&&n.host===r.host&&l.activeElement===s&&(d.top.location.href=t.value))}},d.addEventListener(\"message\",d.wp.receiveEmbedMessage,!1),l.addEventListener(\"DOMContentLoaded\",function(){for(var e,t,s=l.querySelectorAll(\"iframe.wp-embedded-content\"),r=0;r<s.length;r++)(t=(e=s[r]).getAttribute(\"data-secret\"))||(t=Math.random().toString(36).substring(2,12),e.src+=\"#?secret=\"+t,e.setAttribute(\"data-secret\",t)),e.contentWindow.postMessage({message:\"ready\",secret:t},\"*\")},!1)))}(window,document);\n\/\/# sourceURL=https:\/\/interamerica.org\/wp-includes\/js\/wp-embed.min.js\n\/* ]]> *\/\n<\/script>\n","thumbnail_url":"https:\/\/interamerica.org\/wp-content\/uploads\/2017\/06\/ATCU-UMstudents1.png","thumbnail_width":315,"thumbnail_height":212,"description":"L\u2019Eglise Adventiste du Septi\u00e8me jour dans le Sud des Bahamas a c\u00e9l\u00e9br\u00e9 la naissance de son premier groupe hispanophone de l\u2019ile et de la r\u00e9gion, ceci gr\u00e2ce aux efforts d\u2019\u00e9vang\u00e9lisation men\u00e9s par une \u00e9quipe d\u2019\u00e9tudiants missionnaires de l\u2019Universit\u00e9 de Montemorelos dans le Nord du Mexique."}