{"version":"1.0","provider_name":"\u00c9glise Adventiste Du Septieme Jour - Inter Am\u00e9rique Division","provider_url":"https:\/\/interamerica.org\/fr\/","author_name":"Lorenzo Verduzco","author_url":"https:\/\/interamerica.org\/fr\/author\/lorenzoverduzco\/","title":"L\u2019Eglise Adventiste d\u00e9bute 10 Jours de pri\u00e8re - \u00c9glise Adventiste Du Septieme Jour - Inter Am\u00e9rique Division","type":"rich","width":600,"height":338,"html":"<blockquote class=\"wp-embedded-content\" data-secret=\"m9febg4IeZ\"><a href=\"https:\/\/interamerica.org\/fr\/2015\/01\/leglise-adventiste-debute-10-jours-de-priere\/\">L\u2019Eglise Adventiste d\u00e9bute 10 Jours de pri\u00e8re<\/a><\/blockquote><iframe sandbox=\"allow-scripts\" security=\"restricted\" src=\"https:\/\/interamerica.org\/fr\/2015\/01\/leglise-adventiste-debute-10-jours-de-priere\/embed\/#?secret=m9febg4IeZ\" width=\"600\" height=\"338\" title=\"\u00ab\u00a0L\u2019Eglise Adventiste d\u00e9bute 10 Jours de pri\u00e8re\u00a0\u00bb &#8212; \u00c9glise Adventiste Du Septieme Jour - Inter Am\u00e9rique Division\" data-secret=\"m9febg4IeZ\" frameborder=\"0\" marginwidth=\"0\" marginheight=\"0\" scrolling=\"no\" class=\"wp-embedded-content\"><\/iframe><script type=\"text\/javascript\">\n\/* <![CDATA[ *\/\n\/*! This file is auto-generated *\/\n!function(d,l){\"use strict\";l.querySelector&&d.addEventListener&&\"undefined\"!=typeof URL&&(d.wp=d.wp||{},d.wp.receiveEmbedMessage||(d.wp.receiveEmbedMessage=function(e){var t=e.data;if((t||t.secret||t.message||t.value)&&!\/[^a-zA-Z0-9]\/.test(t.secret)){for(var s,r,n,a=l.querySelectorAll('iframe[data-secret=\"'+t.secret+'\"]'),o=l.querySelectorAll('blockquote[data-secret=\"'+t.secret+'\"]'),c=new RegExp(\"^https?:$\",\"i\"),i=0;i<o.length;i++)o[i].style.display=\"none\";for(i=0;i<a.length;i++)s=a[i],e.source===s.contentWindow&&(s.removeAttribute(\"style\"),\"height\"===t.message?(1e3<(r=parseInt(t.value,10))?r=1e3:~~r<200&&(r=200),s.height=r):\"link\"===t.message&&(r=new URL(s.getAttribute(\"src\")),n=new URL(t.value),c.test(n.protocol))&&n.host===r.host&&l.activeElement===s&&(d.top.location.href=t.value))}},d.addEventListener(\"message\",d.wp.receiveEmbedMessage,!1),l.addEventListener(\"DOMContentLoaded\",function(){for(var e,t,s=l.querySelectorAll(\"iframe.wp-embedded-content\"),r=0;r<s.length;r++)(t=(e=s[r]).getAttribute(\"data-secret\"))||(t=Math.random().toString(36).substring(2,12),e.src+=\"#?secret=\"+t,e.setAttribute(\"data-secret\",t)),e.contentWindow.postMessage({message:\"ready\",secret:t},\"*\")},!1)))}(window,document);\n\/\/# sourceURL=https:\/\/interamerica.org\/wp-includes\/js\/wp-embed.min.js\n\/* ]]> *\/\n<\/script>\n","thumbnail_url":"https:\/\/interamerica.org\/wp-content\/uploads\/2017\/06\/csm_Screen_Shot_2015-01-07_at_9.34.45_PM_613c9b2b6d.png","thumbnail_width":400,"thumbnail_height":185,"description":"Les Adventistes du monde entier d\u00e9butent ce mercredi 10 jours de pri\u00e8re pour l\u2019effusion du Saint Esprit sur l\u2019Eglise Adventiste du Septi\u00e8me jour, une initiative relativement r\u00e9cente qui rev\u00eat cette ann\u00e9e une signification particuli\u00e8re par rapport \u00e0 la prochaine Session de la Conf\u00e9rence G\u00e9n\u00e9rale. Con\u00e7u d\u2019apr\u00e8s le r\u00e9cit biblique de la Pentec\u00f4te lorsque les disciples de J\u00e9sus se sont r\u00e9unis dans la chambre haute pendant 10 jours pour attendre et prier pour le Saint Esprit, le programme am\u00e8nera les Adventistes \u00e0 se r\u00e9unir tous les jours dans les \u00e9glises dans le cadre du programme des Dix Jours de Pri\u00e8re du 7 au 17 janvier. Dans beaucoup de pays les rencontres ont lieu le soir et durent une heure."}