{"version":"1.0","provider_name":"\u00c9glise Adventiste Du Septieme Jour - Inter Am\u00e9rique Division","provider_url":"https:\/\/interamerica.org\/fr\/","author_name":"Lorenzo Verduzco","author_url":"https:\/\/interamerica.org\/fr\/author\/lorenzoverduzco\/","title":"La nouvelle Union du Panama baptise 2530 personnes - \u00c9glise Adventiste Du Septieme Jour - Inter Am\u00e9rique Division","type":"rich","width":600,"height":338,"html":"<blockquote class=\"wp-embedded-content\" data-secret=\"u3iKwwIsL9\"><a href=\"https:\/\/interamerica.org\/fr\/2015\/03\/la-nouvelle-union-du-panama-baptise-2530-personnes\/\">La nouvelle Union du Panama baptise 2530 personnes<\/a><\/blockquote><iframe sandbox=\"allow-scripts\" security=\"restricted\" src=\"https:\/\/interamerica.org\/fr\/2015\/03\/la-nouvelle-union-du-panama-baptise-2530-personnes\/embed\/#?secret=u3iKwwIsL9\" width=\"600\" height=\"338\" title=\"\u00ab\u00a0La nouvelle Union du Panama baptise 2530 personnes\u00a0\u00bb &#8212; \u00c9glise Adventiste Du Septieme Jour - Inter Am\u00e9rique Division\" data-secret=\"u3iKwwIsL9\" frameborder=\"0\" marginwidth=\"0\" marginheight=\"0\" scrolling=\"no\" class=\"wp-embedded-content\"><\/iframe><script type=\"text\/javascript\">\n\/* <![CDATA[ *\/\n\/*! This file is auto-generated *\/\n!function(d,l){\"use strict\";l.querySelector&&d.addEventListener&&\"undefined\"!=typeof URL&&(d.wp=d.wp||{},d.wp.receiveEmbedMessage||(d.wp.receiveEmbedMessage=function(e){var t=e.data;if((t||t.secret||t.message||t.value)&&!\/[^a-zA-Z0-9]\/.test(t.secret)){for(var s,r,n,a=l.querySelectorAll('iframe[data-secret=\"'+t.secret+'\"]'),o=l.querySelectorAll('blockquote[data-secret=\"'+t.secret+'\"]'),c=new RegExp(\"^https?:$\",\"i\"),i=0;i<o.length;i++)o[i].style.display=\"none\";for(i=0;i<a.length;i++)s=a[i],e.source===s.contentWindow&&(s.removeAttribute(\"style\"),\"height\"===t.message?(1e3<(r=parseInt(t.value,10))?r=1e3:~~r<200&&(r=200),s.height=r):\"link\"===t.message&&(r=new URL(s.getAttribute(\"src\")),n=new URL(t.value),c.test(n.protocol))&&n.host===r.host&&l.activeElement===s&&(d.top.location.href=t.value))}},d.addEventListener(\"message\",d.wp.receiveEmbedMessage,!1),l.addEventListener(\"DOMContentLoaded\",function(){for(var e,t,s=l.querySelectorAll(\"iframe.wp-embedded-content\"),r=0;r<s.length;r++)(t=(e=s[r]).getAttribute(\"data-secret\"))||(t=Math.random().toString(36).substring(2,12),e.src+=\"#?secret=\"+t,e.setAttribute(\"data-secret\",t)),e.contentWindow.postMessage({message:\"ready\",secret:t},\"*\")},!1)))}(window,document);\n\/\/# sourceURL=https:\/\/interamerica.org\/wp-includes\/js\/wp-embed.min.js\n\/* ]]> *\/\n<\/script>\n","thumbnail_url":"https:\/\/interamerica.org\/wp-content\/uploads\/2017\/06\/WilsonPanama300.png","thumbnail_width":300,"thumbnail_height":223,"description":"L\u2019Union Mission du Panama, l\u2019entit\u00e9 nouvellement cr\u00e9\u00e9e dans l\u2019Eglise Adventiste, a annonc\u00e9 que 2530 personnes ont \u00e9t\u00e9 baptis\u00e9es depuis le mois de janvier suite \u00e0 une grande campagne d\u2019\u00e9vang\u00e9lisation.  Les bapt\u00eames ont permis de mettre en lumi\u00e8re l\u2019engagement de l\u2019\u00e9glise au niveau local \u00e0 pr\u00e9parer un peuple pour le retour de J\u00e9sus, ils ont aussi \u00e9t\u00e9 l\u2019occasion pour le leader mondial de l\u2019Eglise Adventiste, Ted N.C. Wilson, de vivre un moment de nostalgie ; on lui a en effet rappel\u00e9 que son p\u00e8re avait tenu une campagne d\u2019\u00e9vang\u00e9lisation au Panama 31 plus t\u00f4t."}