{"version":"1.0","provider_name":"\u00c9glise Adventiste Du Septieme Jour - Inter Am\u00e9rique Division","provider_url":"https:\/\/interamerica.org\/fr\/","author_name":"Lorenzo Verduzco","author_url":"https:\/\/interamerica.org\/fr\/author\/lorenzoverduzco\/","title":"53 \u00c9glises adventistes d\u00e9truites par le cyclone Pam - \u00c9glise Adventiste Du Septieme Jour - Inter Am\u00e9rique Division","type":"rich","width":600,"height":338,"html":"<blockquote class=\"wp-embedded-content\" data-secret=\"yoYNQhBysR\"><a href=\"https:\/\/interamerica.org\/fr\/2015\/04\/53-eglises-adventistes-detruites-par-le-cyclone-pam\/\">53 \u00c9glises adventistes d\u00e9truites par le cyclone Pam<\/a><\/blockquote><iframe sandbox=\"allow-scripts\" security=\"restricted\" src=\"https:\/\/interamerica.org\/fr\/2015\/04\/53-eglises-adventistes-detruites-par-le-cyclone-pam\/embed\/#?secret=yoYNQhBysR\" width=\"600\" height=\"338\" title=\"\u00ab\u00a053 \u00c9glises adventistes d\u00e9truites par le cyclone Pam\u00a0\u00bb &#8212; \u00c9glise Adventiste Du Septieme Jour - Inter Am\u00e9rique Division\" data-secret=\"yoYNQhBysR\" frameborder=\"0\" marginwidth=\"0\" marginheight=\"0\" scrolling=\"no\" class=\"wp-embedded-content\"><\/iframe><script type=\"text\/javascript\">\n\/* <![CDATA[ *\/\n\/*! This file is auto-generated *\/\n!function(d,l){\"use strict\";l.querySelector&&d.addEventListener&&\"undefined\"!=typeof URL&&(d.wp=d.wp||{},d.wp.receiveEmbedMessage||(d.wp.receiveEmbedMessage=function(e){var t=e.data;if((t||t.secret||t.message||t.value)&&!\/[^a-zA-Z0-9]\/.test(t.secret)){for(var s,r,n,a=l.querySelectorAll('iframe[data-secret=\"'+t.secret+'\"]'),o=l.querySelectorAll('blockquote[data-secret=\"'+t.secret+'\"]'),c=new RegExp(\"^https?:$\",\"i\"),i=0;i<o.length;i++)o[i].style.display=\"none\";for(i=0;i<a.length;i++)s=a[i],e.source===s.contentWindow&&(s.removeAttribute(\"style\"),\"height\"===t.message?(1e3<(r=parseInt(t.value,10))?r=1e3:~~r<200&&(r=200),s.height=r):\"link\"===t.message&&(r=new URL(s.getAttribute(\"src\")),n=new URL(t.value),c.test(n.protocol))&&n.host===r.host&&l.activeElement===s&&(d.top.location.href=t.value))}},d.addEventListener(\"message\",d.wp.receiveEmbedMessage,!1),l.addEventListener(\"DOMContentLoaded\",function(){for(var e,t,s=l.querySelectorAll(\"iframe.wp-embedded-content\"),r=0;r<s.length;r++)(t=(e=s[r]).getAttribute(\"data-secret\"))||(t=Math.random().toString(36).substring(2,12),e.src+=\"#?secret=\"+t,e.setAttribute(\"data-secret\",t)),e.contentWindow.postMessage({message:\"ready\",secret:t},\"*\")},!1)))}(window,document);\n\/\/# sourceURL=https:\/\/interamerica.org\/wp-includes\/js\/wp-embed.min.js\n\/* ]]> *\/\n<\/script>\n","thumbnail_url":"https:\/\/interamerica.org\/wp-content\/uploads\/2017\/06\/Vanuatuchurch400.png","thumbnail_width":400,"thumbnail_height":261,"description":"Le nombre d\u2019\u00e9glises adventistes du septi\u00e8me jour d\u00e9truites par le cyclone tropical Pam est pass\u00e9 de 18 \u00e0 53 alors que des dirigeants d\u2019\u00e9glise comptent le co\u00fbt des d\u00e9g\u00e2ts de la temp\u00eate du 14 mars sur l\u2019\u00eele du Vanuatu dans le Pacifique.   De plus, de nombreux b\u00e2timents furent d\u00e9truits dans six \u00e9coles adventistes et des centaines de membres d\u2019\u00e9glise ont perdu leurs maisons y compris 20 pasteurs et 100 enseignants."}