{"version":"1.0","provider_name":"\u00c9glise Adventiste Du Septieme Jour - Inter Am\u00e9rique Division","provider_url":"https:\/\/interamerica.org\/fr\/","author_name":"Lorenzo Verduzco","author_url":"https:\/\/interamerica.org\/fr\/author\/lorenzoverduzco\/","title":"L\u2019Eglise Adventiste au N\u00e9pal demande une aide urgente - \u00c9glise Adventiste Du Septieme Jour - Inter Am\u00e9rique Division","type":"rich","width":600,"height":338,"html":"<blockquote class=\"wp-embedded-content\" data-secret=\"Uo8HY7gRj5\"><a href=\"https:\/\/interamerica.org\/fr\/2015\/04\/leglise-adventiste-au-nepal-demande-une-aide-urgente\/\">L\u2019Eglise Adventiste au N\u00e9pal demande une aide urgente<\/a><\/blockquote><iframe sandbox=\"allow-scripts\" security=\"restricted\" src=\"https:\/\/interamerica.org\/fr\/2015\/04\/leglise-adventiste-au-nepal-demande-une-aide-urgente\/embed\/#?secret=Uo8HY7gRj5\" width=\"600\" height=\"338\" title=\"\u00ab\u00a0L\u2019Eglise Adventiste au N\u00e9pal demande une aide urgente\u00a0\u00bb &#8212; \u00c9glise Adventiste Du Septieme Jour - Inter Am\u00e9rique Division\" data-secret=\"Uo8HY7gRj5\" frameborder=\"0\" marginwidth=\"0\" marginheight=\"0\" scrolling=\"no\" class=\"wp-embedded-content\"><\/iframe><script type=\"text\/javascript\">\n\/* <![CDATA[ *\/\n\/*! This file is auto-generated *\/\n!function(d,l){\"use strict\";l.querySelector&&d.addEventListener&&\"undefined\"!=typeof URL&&(d.wp=d.wp||{},d.wp.receiveEmbedMessage||(d.wp.receiveEmbedMessage=function(e){var t=e.data;if((t||t.secret||t.message||t.value)&&!\/[^a-zA-Z0-9]\/.test(t.secret)){for(var s,r,n,a=l.querySelectorAll('iframe[data-secret=\"'+t.secret+'\"]'),o=l.querySelectorAll('blockquote[data-secret=\"'+t.secret+'\"]'),c=new RegExp(\"^https?:$\",\"i\"),i=0;i<o.length;i++)o[i].style.display=\"none\";for(i=0;i<a.length;i++)s=a[i],e.source===s.contentWindow&&(s.removeAttribute(\"style\"),\"height\"===t.message?(1e3<(r=parseInt(t.value,10))?r=1e3:~~r<200&&(r=200),s.height=r):\"link\"===t.message&&(r=new URL(s.getAttribute(\"src\")),n=new URL(t.value),c.test(n.protocol))&&n.host===r.host&&l.activeElement===s&&(d.top.location.href=t.value))}},d.addEventListener(\"message\",d.wp.receiveEmbedMessage,!1),l.addEventListener(\"DOMContentLoaded\",function(){for(var e,t,s=l.querySelectorAll(\"iframe.wp-embedded-content\"),r=0;r<s.length;r++)(t=(e=s[r]).getAttribute(\"data-secret\"))||(t=Math.random().toString(36).substring(2,12),e.src+=\"#?secret=\"+t,e.setAttribute(\"data-secret\",t)),e.contentWindow.postMessage({message:\"ready\",secret:t},\"*\")},!1)))}(window,document);\n\/\/# sourceURL=https:\/\/interamerica.org\/wp-includes\/js\/wp-embed.min.js\n\/* ]]> *\/\n<\/script>\n","thumbnail_url":"https:\/\/interamerica.org\/wp-content\/uploads\/2017\/06\/Nepalphoto.5.jpg","thumbnail_width":1000,"thumbnail_height":500,"description":"Le pr\u00e9sident de l\u2019Eglise Adventiste du Septi\u00e8me Jour au N\u00e9pal a lanc\u00e9 lundi un appel \u00e0 l\u2019aide urgent en faveur des nombreux membres d\u2019\u00e9glise qui ont tout perdu lors d\u2019un s\u00e9isme d\u00e9vastateur qui a eu lieu ce weekend.  Les membres ont besoin dans l\u2019imm\u00e9diat de v\u00eatements chauds, d\u2019eau potable et de tentes pour faire face \u00e0 la situation qui les am\u00e8ne \u00e0 dormir dehors dans le froid et parfois le temps pluvieux, apr\u00e8s qu\u2019un s\u00e9isme de magnitude 7,8 ait frapp\u00e9 le N\u00e9pal le sabbat 25 avril, causant la mort de plus de 4000 personnes et blessant 7000 autres, a d\u00e9clar\u00e9 Umesh Pokharel, pr\u00e9sident de la Section du N\u00e9pal, un champ rattach\u00e9 de la Division de l\u2019Asie du Sud."}