{"version":"1.0","provider_name":"\u00c9glise Adventiste Du Septieme Jour - Inter Am\u00e9rique Division","provider_url":"https:\/\/interamerica.org\/fr\/","author_name":"Lorenzo Verduzco","author_url":"https:\/\/interamerica.org\/fr\/author\/lorenzoverduzco\/","title":"L\u2019Eglise Adventiste publiera une toute nouvelle encyclop\u00e9die - \u00c9glise Adventiste Du Septieme Jour - Inter Am\u00e9rique Division","type":"rich","width":600,"height":338,"html":"<blockquote class=\"wp-embedded-content\" data-secret=\"CS4BzxeJKu\"><a href=\"https:\/\/interamerica.org\/fr\/2015\/04\/leglise-adventiste-publiera-une-toute-nouvelle-encyclopedie\/\">L\u2019Eglise Adventiste publiera une toute nouvelle encyclop\u00e9die<\/a><\/blockquote><iframe sandbox=\"allow-scripts\" security=\"restricted\" src=\"https:\/\/interamerica.org\/fr\/2015\/04\/leglise-adventiste-publiera-une-toute-nouvelle-encyclopedie\/embed\/#?secret=CS4BzxeJKu\" width=\"600\" height=\"338\" title=\"\u00ab\u00a0L\u2019Eglise Adventiste publiera une toute nouvelle encyclop\u00e9die\u00a0\u00bb &#8212; \u00c9glise Adventiste Du Septieme Jour - Inter Am\u00e9rique Division\" data-secret=\"CS4BzxeJKu\" frameborder=\"0\" marginwidth=\"0\" marginheight=\"0\" scrolling=\"no\" class=\"wp-embedded-content\"><\/iframe><script type=\"text\/javascript\">\n\/* <![CDATA[ *\/\n\/*! This file is auto-generated *\/\n!function(d,l){\"use strict\";l.querySelector&&d.addEventListener&&\"undefined\"!=typeof URL&&(d.wp=d.wp||{},d.wp.receiveEmbedMessage||(d.wp.receiveEmbedMessage=function(e){var t=e.data;if((t||t.secret||t.message||t.value)&&!\/[^a-zA-Z0-9]\/.test(t.secret)){for(var s,r,n,a=l.querySelectorAll('iframe[data-secret=\"'+t.secret+'\"]'),o=l.querySelectorAll('blockquote[data-secret=\"'+t.secret+'\"]'),c=new RegExp(\"^https?:$\",\"i\"),i=0;i<o.length;i++)o[i].style.display=\"none\";for(i=0;i<a.length;i++)s=a[i],e.source===s.contentWindow&&(s.removeAttribute(\"style\"),\"height\"===t.message?(1e3<(r=parseInt(t.value,10))?r=1e3:~~r<200&&(r=200),s.height=r):\"link\"===t.message&&(r=new URL(s.getAttribute(\"src\")),n=new URL(t.value),c.test(n.protocol))&&n.host===r.host&&l.activeElement===s&&(d.top.location.href=t.value))}},d.addEventListener(\"message\",d.wp.receiveEmbedMessage,!1),l.addEventListener(\"DOMContentLoaded\",function(){for(var e,t,s=l.querySelectorAll(\"iframe.wp-embedded-content\"),r=0;r<s.length;r++)(t=(e=s[r]).getAttribute(\"data-secret\"))||(t=Math.random().toString(36).substring(2,12),e.src+=\"#?secret=\"+t,e.setAttribute(\"data-secret\",t)),e.contentWindow.postMessage({message:\"ready\",secret:t},\"*\")},!1)))}(window,document);\n\/\/# sourceURL=https:\/\/interamerica.org\/wp-includes\/js\/wp-embed.min.js\n\/* ]]> *\/\n<\/script>\n","thumbnail_url":"https:\/\/interamerica.org\/wp-content\/uploads\/2017\/06\/rsz_img_8406.jpg","thumbnail_width":1000,"thumbnail_height":499,"description":"Les leaders de l\u2019\u00e9glise ont donn\u00e9 leur approbation pour la publication d\u2019une encyclop\u00e9die compl\u00e8tement nouvelle, bas\u00e9e sur internet pour remplacer l\u2019Encyclop\u00e9die Adventiste du Septi\u00e8me Jour dont la premi\u00e8re \u00e9dition remonte \u00e0 1966.  La nouvelle Encyclop\u00e9die de l\u2019Adventisme du Septi\u00e8me Jour fera ses d\u00e9buts en ligne en 2020 et sera supervis\u00e9e par le Bureau des Archives, Statistiques et Recherches de la Conf\u00e9rence G\u00e9n\u00e9rale."}