{"version":"1.0","provider_name":"\u00c9glise Adventiste Du Septieme Jour - Inter Am\u00e9rique Division","provider_url":"https:\/\/interamerica.org\/fr\/","author_name":"Lorenzo Verduzco","author_url":"https:\/\/interamerica.org\/fr\/author\/lorenzoverduzco\/","title":"\u00ab Vous avez tous les sympt\u00f4mes du SIDA \u00bb - \u00c9glise Adventiste Du Septieme Jour - Inter Am\u00e9rique Division","type":"rich","width":600,"height":338,"html":"<blockquote class=\"wp-embedded-content\" data-secret=\"p39nMGfxey\"><a href=\"https:\/\/interamerica.org\/fr\/2017\/06\/vous-avez-tous-les-symptomes-du-sida\/\">\u00ab Vous avez tous les sympt\u00f4mes du SIDA \u00bb<\/a><\/blockquote><iframe sandbox=\"allow-scripts\" security=\"restricted\" src=\"https:\/\/interamerica.org\/fr\/2017\/06\/vous-avez-tous-les-symptomes-du-sida\/embed\/#?secret=p39nMGfxey\" width=\"600\" height=\"338\" title=\"\u00ab\u00a0\u00ab Vous avez tous les sympt\u00f4mes du SIDA \u00bb\u00a0\u00bb &#8212; \u00c9glise Adventiste Du Septieme Jour - Inter Am\u00e9rique Division\" data-secret=\"p39nMGfxey\" frameborder=\"0\" marginwidth=\"0\" marginheight=\"0\" scrolling=\"no\" class=\"wp-embedded-content\"><\/iframe><script type=\"text\/javascript\">\n\/* <![CDATA[ *\/\n\/*! This file is auto-generated *\/\n!function(d,l){\"use strict\";l.querySelector&&d.addEventListener&&\"undefined\"!=typeof URL&&(d.wp=d.wp||{},d.wp.receiveEmbedMessage||(d.wp.receiveEmbedMessage=function(e){var t=e.data;if((t||t.secret||t.message||t.value)&&!\/[^a-zA-Z0-9]\/.test(t.secret)){for(var s,r,n,a=l.querySelectorAll('iframe[data-secret=\"'+t.secret+'\"]'),o=l.querySelectorAll('blockquote[data-secret=\"'+t.secret+'\"]'),c=new RegExp(\"^https?:$\",\"i\"),i=0;i<o.length;i++)o[i].style.display=\"none\";for(i=0;i<a.length;i++)s=a[i],e.source===s.contentWindow&&(s.removeAttribute(\"style\"),\"height\"===t.message?(1e3<(r=parseInt(t.value,10))?r=1e3:~~r<200&&(r=200),s.height=r):\"link\"===t.message&&(r=new URL(s.getAttribute(\"src\")),n=new URL(t.value),c.test(n.protocol))&&n.host===r.host&&l.activeElement===s&&(d.top.location.href=t.value))}},d.addEventListener(\"message\",d.wp.receiveEmbedMessage,!1),l.addEventListener(\"DOMContentLoaded\",function(){for(var e,t,s=l.querySelectorAll(\"iframe.wp-embedded-content\"),r=0;r<s.length;r++)(t=(e=s[r]).getAttribute(\"data-secret\"))||(t=Math.random().toString(36).substring(2,12),e.src+=\"#?secret=\"+t,e.setAttribute(\"data-secret\",t)),e.contentWindow.postMessage({message:\"ready\",secret:t},\"*\")},!1)))}(window,document);\n\/\/# sourceURL=https:\/\/interamerica.org\/wp-includes\/js\/wp-embed.min.js\n\/* ]]> *\/\n<\/script>\n","thumbnail_url":"https:\/\/interamerica.org\/wp-content\/uploads\/2017\/08\/Adventist-Mexico-Ezequiel-Perez-Gongora.jpeg","thumbnail_width":1000,"thumbnail_height":500,"description":"J\u2019ai commenc\u00e9 \u00e0 boire apr\u00e8s mon mariage \u00e0 l\u2019\u00e2ge de 20 ans, et ensuite j\u2019ai commenc\u00e9 \u00e0 fumer. Bient\u00f4t je suis devenu alcoolique et fumeur inv\u00e9t\u00e9r\u00e9. J\u2019aimais faire la f\u00eate.  Mon \u00e9pouse a \u00e9t\u00e9 baptis\u00e9e apr\u00e8s avoir assist\u00e9 \u00e0 une campagne d\u2019\u00e9vang\u00e9lisation tenue par un pasteur du nom de Richard Perez dans une \u00e9glise Adventiste du Septi\u00e8me Jour pr\u00e8s de chez moi dans l\u2019\u00e9tat de Tabasco au Mexique. Mais j\u2019ai refus\u00e9 d\u2019\u00eatre baptis\u00e9. Deux fois."}