{"version":"1.0","provider_name":"\u00c9glise Adventiste Du Septieme Jour - Inter Am\u00e9rique Division","provider_url":"https:\/\/interamerica.org\/fr\/","author_name":"keila","author_url":"https:\/\/interamerica.org\/fr\/author\/keyla\/","title":"Journ\u00e9e des La\u00efcs 2024 - \u00c9glise Adventiste Du Septieme Jour - Inter Am\u00e9rique Division","type":"rich","width":600,"height":338,"html":"<blockquote class=\"wp-embedded-content\" data-secret=\"XOc8pqZmvD\"><a href=\"https:\/\/interamerica.org\/fr\/event\/dia-del-laico-2024\/\">Journ\u00e9e des La\u00efcs 2024<\/a><\/blockquote><iframe sandbox=\"allow-scripts\" security=\"restricted\" src=\"https:\/\/interamerica.org\/fr\/event\/dia-del-laico-2024\/embed\/#?secret=XOc8pqZmvD\" width=\"600\" height=\"338\" title=\"\u00ab\u00a0Journ\u00e9e des La\u00efcs 2024\u00a0\u00bb &#8212; \u00c9glise Adventiste Du Septieme Jour - Inter Am\u00e9rique Division\" data-secret=\"XOc8pqZmvD\" frameborder=\"0\" marginwidth=\"0\" marginheight=\"0\" scrolling=\"no\" class=\"wp-embedded-content\"><\/iframe><script type=\"text\/javascript\">\n\/* <![CDATA[ *\/\n\/*! This file is auto-generated *\/\n!function(d,l){\"use strict\";l.querySelector&&d.addEventListener&&\"undefined\"!=typeof URL&&(d.wp=d.wp||{},d.wp.receiveEmbedMessage||(d.wp.receiveEmbedMessage=function(e){var t=e.data;if((t||t.secret||t.message||t.value)&&!\/[^a-zA-Z0-9]\/.test(t.secret)){for(var s,r,n,a=l.querySelectorAll('iframe[data-secret=\"'+t.secret+'\"]'),o=l.querySelectorAll('blockquote[data-secret=\"'+t.secret+'\"]'),c=new RegExp(\"^https?:$\",\"i\"),i=0;i<o.length;i++)o[i].style.display=\"none\";for(i=0;i<a.length;i++)s=a[i],e.source===s.contentWindow&&(s.removeAttribute(\"style\"),\"height\"===t.message?(1e3<(r=parseInt(t.value,10))?r=1e3:~~r<200&&(r=200),s.height=r):\"link\"===t.message&&(r=new URL(s.getAttribute(\"src\")),n=new URL(t.value),c.test(n.protocol))&&n.host===r.host&&l.activeElement===s&&(d.top.location.href=t.value))}},d.addEventListener(\"message\",d.wp.receiveEmbedMessage,!1),l.addEventListener(\"DOMContentLoaded\",function(){for(var e,t,s=l.querySelectorAll(\"iframe.wp-embedded-content\"),r=0;r<s.length;r++)(t=(e=s[r]).getAttribute(\"data-secret\"))||(t=Math.random().toString(36).substring(2,12),e.src+=\"#?secret=\"+t,e.setAttribute(\"data-secret\",t)),e.contentWindow.postMessage({message:\"ready\",secret:t},\"*\")},!1)))}(window,document);\n\/\/# sourceURL=https:\/\/interamerica.org\/wp-includes\/js\/wp-embed.min.js\n\/* ]]> *\/\n<\/script>\n","description":"Le premier Sabbat de septembre est d\u00e9di\u00e9 \u00e0 exprimer notre gratitude et \u00e0 c\u00e9l\u00e9brer les la\u00efcs, qui, par leur travail et leur d\u00e9vouement, font avancer l\u2019\u00c9glise. Ils pr\u00eachent et enseignent aux autres pendant que nous attendons le retour du Seigneur.Une reconnaissance simple, personnelle ou publique devant l\u2019\u00c9glise est \u00e0 la fois n\u00e9cessaire et suffisante pour exprimer notre gratitude pour leur travail, qu\u2019ils accomplissent chaque ann\u00e9e avec tant d\u2019amour pour l\u2019\u00c9glise.","thumbnail_url":"https:\/\/interamerica.org\/wp-content\/uploads\/2024\/09\/frances.png"}