{"version":"1.0","provider_name":"\u00c9glise Adventiste Du Septieme Jour - Inter Am\u00e9rique Division","provider_url":"https:\/\/interamerica.org\/fr\/","author_name":"keila","author_url":"https:\/\/interamerica.org\/fr\/author\/keyla\/","title":"Semaine de pri\u00e8re de la jeunesse 2026 - \u00c9glise Adventiste Du Septieme Jour - Inter Am\u00e9rique Division","type":"rich","width":600,"height":338,"html":"<blockquote class=\"wp-embedded-content\" data-secret=\"17HPrp2DW3\"><a href=\"https:\/\/interamerica.org\/fr\/event\/semana-de-oracion-juvenil-2026\/\">Semaine de pri\u00e8re de la jeunesse  2026<\/a><\/blockquote><iframe sandbox=\"allow-scripts\" security=\"restricted\" src=\"https:\/\/interamerica.org\/fr\/event\/semana-de-oracion-juvenil-2026\/embed\/#?secret=17HPrp2DW3\" width=\"600\" height=\"338\" title=\"\u00ab\u00a0Semaine de pri\u00e8re de la jeunesse  2026\u00a0\u00bb &#8212; \u00c9glise Adventiste Du Septieme Jour - Inter Am\u00e9rique Division\" data-secret=\"17HPrp2DW3\" frameborder=\"0\" marginwidth=\"0\" marginheight=\"0\" scrolling=\"no\" class=\"wp-embedded-content\"><\/iframe><script type=\"text\/javascript\">\n\/* <![CDATA[ *\/\n\/*! This file is auto-generated *\/\n!function(d,l){\"use strict\";l.querySelector&&d.addEventListener&&\"undefined\"!=typeof URL&&(d.wp=d.wp||{},d.wp.receiveEmbedMessage||(d.wp.receiveEmbedMessage=function(e){var t=e.data;if((t||t.secret||t.message||t.value)&&!\/[^a-zA-Z0-9]\/.test(t.secret)){for(var s,r,n,a=l.querySelectorAll('iframe[data-secret=\"'+t.secret+'\"]'),o=l.querySelectorAll('blockquote[data-secret=\"'+t.secret+'\"]'),c=new RegExp(\"^https?:$\",\"i\"),i=0;i<o.length;i++)o[i].style.display=\"none\";for(i=0;i<a.length;i++)s=a[i],e.source===s.contentWindow&&(s.removeAttribute(\"style\"),\"height\"===t.message?(1e3<(r=parseInt(t.value,10))?r=1e3:~~r<200&&(r=200),s.height=r):\"link\"===t.message&&(r=new URL(s.getAttribute(\"src\")),n=new URL(t.value),c.test(n.protocol))&&n.host===r.host&&l.activeElement===s&&(d.top.location.href=t.value))}},d.addEventListener(\"message\",d.wp.receiveEmbedMessage,!1),l.addEventListener(\"DOMContentLoaded\",function(){for(var e,t,s=l.querySelectorAll(\"iframe.wp-embedded-content\"),r=0;r<s.length;r++)(t=(e=s[r]).getAttribute(\"data-secret\"))||(t=Math.random().toString(36).substring(2,12),e.src+=\"#?secret=\"+t,e.setAttribute(\"data-secret\",t)),e.contentWindow.postMessage({message:\"ready\",secret:t},\"*\")},!1)))}(window,document);\n\/\/# sourceURL=https:\/\/interamerica.org\/wp-includes\/js\/wp-embed.min.js\n\/* ]]> *\/\n<\/script>\n","description":"Rejoignez les jeunes adventistes du monde entier pour un temps sp\u00e9cial de pri\u00e8re, de r\u00e9flexion et d\u2019action. \u00c0 travers ces ressources, vous serez guid\u00e9s pour renforcer votre relation avec Dieu et exprimer cette communion par le service, la compassion et l\u2019amour en action."}